{"id":1143,"date":"2026-02-01T11:16:28","date_gmt":"2026-02-01T10:16:28","guid":{"rendered":"https:\/\/rozsa.cz\/?page_id=1143"},"modified":"2026-02-06T18:51:59","modified_gmt":"2026-02-06T17:51:59","slug":"zivotopis","status":"publish","type":"page","link":"https:\/\/rozsa.cz\/sk\/zivotopis\/","title":{"rendered":"\u017divotopis"},"content":{"rendered":"\n<h2 class=\"wp-block-heading\"><strong>Rozvoj doktorandov a mlad\u00fdch v\u00fdskumn\u00edkov<\/strong><\/h2>\n\n\n\n<p class=\"wp-block-paragraph\">Dlhodobo sa systematicky venujem rozvoju doktorandov a mlad\u00fdch v\u00fdskumn\u00edkov v odbore ekon\u00f3mia a mana\u017ement. Zameriavam sa na budovanie pevn\u00e9ho v\u00fdskumn\u00e9ho z\u00e1kladu, tvorbu efekt\u00edvnej publika\u010dnej strat\u00e9gie a d\u00f4sledn\u00e9 dodr\u017eiavanie princ\u00edpov akademickej integrity. Podporujem rozvoj v\u00fdskumn\u00fdch kompetenci\u00ed, schopnosti kritick\u00e9ho myslenia a akt\u00edvne zap\u00e1janie sa do medzin\u00e1rodnej akademickej spolupr\u00e1ce s cie\u013eom pripravi\u0165 samostatn\u00fdch, sebavedom\u00fdch a medzin\u00e1rodne konkurencieschopn\u00fdch vedcov.<\/p>\n\n\n\n<h2 class=\"wp-block-heading\"><strong>Evidence-based leadership development a executive coaching<\/strong><\/h2>\n\n\n\n<p class=\"wp-block-paragraph\">Popri akademickej \u010dinnosti sa venujem rozvoju l\u00eddrov a mana\u017e\u00e9rov prostredn\u00edctvom evidence-based leadership development a executive coachingu. Prep\u00e1jam vedeck\u00e9 poznatky z oblasti mana\u017ementu a organiza\u010dn\u00e9ho spr\u00e1vania s praktick\u00fdmi sk\u00fasenos\u0165ami z riadenia organiz\u00e1ci\u00ed. Podporujem rozvoj strategick\u00e9ho myslenia, etick\u00e9ho leadershipu a rozhodovania zalo\u017een\u00e9ho na d\u00e1tach s d\u00f4razom na dlhodob\u00fa v\u00fdkonnos\u0165 t\u00edmov. Z\u00e1rove\u0148 sa zameriavam na podporu mana\u017e\u00e9rov, ktor\u00ed sa rozhodn\u00fa pre akademick\u00fa alebo v\u00fdskumne orientovan\u00fa kari\u00e9ru, pri adapt\u00e1cii mana\u017e\u00e9rskych kompetenci\u00ed na \u0161pecifik\u00e1 akademickej a v\u00fdskumnej pr\u00e1ce.<\/p>\n\n\n\n<div data-wp-context=\"{ &quot;autoclose&quot;: false, &quot;accordionItems&quot;: [] }\" data-wp-interactive=\"core\/accordion\" role=\"group\" class=\"wp-block-accordion is-layout-flow wp-block-accordion-is-layout-flow\">\n<div data-wp-class--is-open=\"state.isOpen\" data-wp-context=\"{ &quot;id&quot;: &quot;accordion-item-1&quot;, &quot;openByDefault&quot;: false }\" data-wp-init=\"callbacks.initAccordionItems\" data-wp-on-window--hashchange=\"callbacks.hashChange\" class=\"wp-block-accordion-item is-layout-flow wp-block-accordion-item-is-layout-flow\">\n<h3 class=\"wp-block-accordion-heading\"><button aria-expanded=\"false\" aria-controls=\"accordion-item-1-panel\" data-wp-bind--aria-expanded=\"state.isOpen\" data-wp-on--click=\"actions.toggle\" id=\"accordion-item-1\" type=\"button\" class=\"wp-block-accordion-heading__toggle\"><span class=\"wp-block-accordion-heading__toggle-title\"><strong>Vzdelanie<\/strong><\/span><span class=\"wp-block-accordion-heading__toggle-icon\" aria-hidden=\"true\">+<\/span><\/button><\/h3>\n\n\n\n<div aria-labelledby=\"accordion-item-1\" data-wp-bind--hidden=\"state.isHidden\" data-wp-on--beforematch=\"actions.handleBeforeMatch\" id=\"accordion-item-1-panel\" role=\"region\" class=\"wp-block-accordion-panel is-layout-flow wp-block-accordion-panel-is-layout-flow\">\n<p class=\"wp-block-paragraph\">Vysoko\u0161kolsk\u00e9 vzdelanie som ukon\u010dil na Fakulte managementu Univerzity Komensk\u00e9ho v Bratislave absolvovan\u00edm magistersk\u00e9ho (2003) a doktorandsk\u00e9ho \u0161t\u00fadia (2006) v odbore mana\u017ement. Vedecko-pedagogick\u00fd titul docent v odbore HIK: mana\u017ement som z\u00edskal v roku 2009 a v roku 2024 som bol menovan\u00fd profesorom v odbore HIK: mana\u017ement na Fakulte mana\u017ementu ekonomiky a obchodu Pre\u0161ovskej univerzity v Pre\u0161ove.<\/p>\n<\/div>\n<\/div>\n<\/div>\n\n\n\n<div data-wp-context=\"{ &quot;autoclose&quot;: false, &quot;accordionItems&quot;: [] }\" data-wp-interactive=\"core\/accordion\" role=\"group\" class=\"wp-block-accordion is-layout-flow wp-block-accordion-is-layout-flow\">\n<div data-wp-class--is-open=\"state.isOpen\" data-wp-context=\"{ &quot;id&quot;: &quot;accordion-item-2&quot;, &quot;openByDefault&quot;: false }\" data-wp-init=\"callbacks.initAccordionItems\" data-wp-on-window--hashchange=\"callbacks.hashChange\" class=\"wp-block-accordion-item is-layout-flow wp-block-accordion-item-is-layout-flow\">\n<h3 class=\"wp-block-accordion-heading\"><button aria-expanded=\"false\" aria-controls=\"accordion-item-2-panel\" data-wp-bind--aria-expanded=\"state.isOpen\" data-wp-on--click=\"actions.toggle\" id=\"accordion-item-2\" type=\"button\" class=\"wp-block-accordion-heading__toggle\"><span class=\"wp-block-accordion-heading__toggle-title\"><strong>Priebeh zamestnan\u00ed a medzin\u00e1rodn\u00e9 akademick\u00e9 p\u00f4sobenie<\/strong><\/span><span class=\"wp-block-accordion-heading__toggle-icon\" aria-hidden=\"true\">+<\/span><\/button><\/h3>\n\n\n\n<div aria-labelledby=\"accordion-item-2\" data-wp-bind--hidden=\"state.isHidden\" data-wp-on--beforematch=\"actions.handleBeforeMatch\" id=\"accordion-item-2-panel\" role=\"region\" class=\"wp-block-accordion-panel is-layout-flow wp-block-accordion-panel-is-layout-flow\">\n<p class=\"wp-block-paragraph\">V akademickom prostred\u00ed p\u00f4sob\u00edm ako senior researcher v r\u00e1mci European Centre for Business Research na Paneur\u00f3pskej univerzite v Prahe a z\u00e1rove\u0148 na Tren\u010dianskej univerzite Alexandra Dub\u010deka v Tren\u010d\u00edne, Fakulte soci\u00e1lno-ekonomick\u00fdch vz\u0165ahov, kde zast\u00e1vam funkciu prodekana pre vedu, v\u00fdskum a medzin\u00e1rodn\u00e9 vz\u0165ahy a p\u00f4sob\u00edm ako profesor.<\/p>\n\n\n\n<p class=\"wp-block-paragraph\">Od janu\u00e1ra 2025 z\u00e1rove\u0148 p\u00f4sob\u00edm ako Visiting Associate Professor v r\u00e1mci programu DHET\u2013NRF SARChI in Entrepreneurship Education na Department of Business Management, College of Business and Economics, Johannesburg, Juhoafrick\u00e1 republika, \u010d\u00edm sa moja odborn\u00e1 a v\u00fdskumn\u00e1 \u010dinnos\u0165 roz\u0161iruje o v\u00fdrazn\u00fd glob\u00e1lny rozmer.<\/p>\n\n\n\n<p class=\"wp-block-paragraph\">V minulosti som p\u00f4sobil na Vysokej \u0161kole ekon\u00f3mie a mana\u017ementu verejnej spr\u00e1vy v Bratislave, kde som zast\u00e1val viacer\u00e9 akademick\u00e9 a riadiace poz\u00edcie na \u00farovni katedry, fakulty aj vedenia vysokej \u0161koly.<\/p>\n\n\n\n<p class=\"wp-block-paragraph\">S\u00fa\u010das\u0165ou mojej akademickej dr\u00e1hy s\u00fa aj medzin\u00e1rodn\u00e9 v\u00fdmenn\u00e9 a hos\u0165uj\u00face pobyty, realizovan\u00e9 najm\u00e4 v r\u00e1mci programu Erasmus+, zameran\u00e9 na rozvoj pedagogickej a v\u00fdskumnej spolupr\u00e1ce. V roku 2025 som absolvoval pobyt na Economic Faculty of the National University of Uzbekistan v Uzbekistane, v roku 2024 na School of Management and Economics, University of Turin v Taliansku. V roku 2016 som p\u00f4sobil na Chernivtsi Trade and Economics Institute of Kyiv National Trade and Economics University na Ukrajine a na Lapland University of Applied Sciences v Rovaniemi vo F\u00ednsku. Medzi skor\u0161ie zahrani\u010dn\u00e9 sk\u00fasenosti patr\u00ed aj pobyt v roku 2010 na ISCAL \u2013 Instituto Superior de Contabilidade e Administra\u00e7\u00e3o de Lisboa v Portugalsku.<\/p>\n<\/div>\n<\/div>\n<\/div>\n\n\n\n<div data-wp-context=\"{ &quot;autoclose&quot;: false, &quot;accordionItems&quot;: [] }\" data-wp-interactive=\"core\/accordion\" role=\"group\" class=\"wp-block-accordion is-layout-flow wp-block-accordion-is-layout-flow\">\n<div data-wp-class--is-open=\"state.isOpen\" data-wp-context=\"{ &quot;id&quot;: &quot;accordion-item-3&quot;, &quot;openByDefault&quot;: false }\" data-wp-init=\"callbacks.initAccordionItems\" data-wp-on-window--hashchange=\"callbacks.hashChange\" class=\"wp-block-accordion-item is-layout-flow wp-block-accordion-item-is-layout-flow\">\n<h3 class=\"wp-block-accordion-heading\"><button aria-expanded=\"false\" aria-controls=\"accordion-item-3-panel\" data-wp-bind--aria-expanded=\"state.isOpen\" data-wp-on--click=\"actions.toggle\" id=\"accordion-item-3\" type=\"button\" class=\"wp-block-accordion-heading__toggle\"><span class=\"wp-block-accordion-heading__toggle-title\"><strong>Pedagogick\u00e1 \u010dinnos\u0165, doktorandsk\u00e9 \u0161t\u00fadium a zabezpe\u010dovanie kvality vzdel\u00e1vania<\/strong><\/span><span class=\"wp-block-accordion-heading__toggle-icon\" aria-hidden=\"true\">+<\/span><\/button><\/h3>\n\n\n\n<div aria-labelledby=\"accordion-item-3\" data-wp-bind--hidden=\"state.isHidden\" data-wp-on--beforematch=\"actions.handleBeforeMatch\" id=\"accordion-item-3-panel\" role=\"region\" class=\"wp-block-accordion-panel is-layout-flow wp-block-accordion-panel-is-layout-flow\">\n<p class=\"wp-block-paragraph\">V r\u00e1mci svojej pedagogickej \u010dinnosti sa zameriavam na v\u00fdu\u010dbu predmetov s\u00favisiacich s riaden\u00edm \u013eudsk\u00fdch zdrojov, organiza\u010dn\u00fdm spr\u00e1van\u00edm a v\u00fdskumn\u00fdmi met\u00f3dami. Popri priamej v\u00fdu\u010dbe sa akt\u00edvne podie\u013eam na implement\u00e1cii, rozvoji a systematickom zabezpe\u010dovan\u00ed kvality \u0161tudijn\u00fdch programov v s\u00falade s n\u00e1rodn\u00fdmi a medzin\u00e1rodn\u00fdmi akredita\u010dn\u00fdmi \u0161tandardmi. Od roku 2022 p\u00f4sob\u00edm ako osoba zodpovedn\u00e1 za implement\u00e1ciu, rozvoj a zabezpe\u010dovanie kvality \u0161tudijn\u00e9ho programu \u013dudsk\u00e9 zdroje a person\u00e1lny mana\u017ement v II. a III. stupni \u0161t\u00fadia na Tren\u010dianskej univerzite Alexandra Dub\u010deka v Tren\u010d\u00edne (Fakulta soci\u00e1lno-ekonomick\u00fdch vz\u0165ahov) a z\u00e1rove\u0148 ako spoluzodpovedn\u00e1 osoba za zabezpe\u010dovanie kvality tohto \u0161tudijn\u00e9ho programu v I. stupni \u0161t\u00fadia. Od roku 2021 som predsedom rady \u0161tudijn\u00e9ho programu \u013dudsk\u00e9 zdroje a person\u00e1lny mana\u017ement v II. a III. stupni \u0161t\u00fadia na uvedenej fakulte. S\u00fa\u010dasne od roku 2025 p\u00f4sob\u00edm ako predseda Rady pre habilita\u010dn\u00e9 a inaugura\u010dn\u00e9 konania v odbore ekon\u00f3mia a mana\u017ement.<\/p>\n\n\n\n<p class=\"wp-block-paragraph\">V r\u00e1mci svojej \u010dinnosti v oblasti z\u00e1kladn\u00e9ho v\u00fdskumu sa akt\u00edvne podie\u013eam na v\u00fdchove mladej vedeckej gener\u00e1cie. P\u00f4sob\u00edm ako \u0161kolite\u013e doktorandov v odbore ekon\u00f3mia a mana\u017ement na viacer\u00fdch univerzit\u00e1ch v \u010ceskej a Slovenskej republike, konkr\u00e9tne na Univerzite Tom\u00e1\u0161a Ba\u0165u v Zl\u00edne (Fakulta mana\u017ementu a ekon\u00f3mie), Paneur\u00f3pskej univerzite v Prahe, Tren\u010dianskej univerzite Alexandra Dub\u010deka v Tren\u010d\u00edne (Fakulta soci\u00e1lno-ekonomick\u00fdch vz\u0165ahov), Univerzite Komensk\u00e9ho v Bratislave (Fakulta managementu) a Pre\u0161ovskej univerzite v Pre\u0161ove (Fakulta mana\u017ementu a podnikania). Doteraz som viedol alebo vediem spolu 14 doktorandov, z ktor\u00fdch 9 \u00faspe\u0161ne obh\u00e1jilo dizerta\u010dn\u00fa pr\u00e1cu a z\u00edskalo titul PhD.<\/p>\n\n\n\n<p class=\"wp-block-paragraph\">Popri \u0161kolite\u013eskej \u010dinnosti sa pravidelne z\u00fa\u010dast\u0148ujem pr\u00e1ce odborov\u00fdch komisi\u00ed, komisi\u00ed pre obhajoby dizerta\u010dn\u00fdch pr\u00e1c, ako aj habilita\u010dn\u00fdch a inaugura\u010dn\u00fdch konan\u00ed na dom\u00e1cich aj zahrani\u010dn\u00fdch univerzit\u00e1ch. <\/p>\n<\/div>\n<\/div>\n<\/div>\n\n\n\n<div data-wp-context=\"{ &quot;autoclose&quot;: false, &quot;accordionItems&quot;: [] }\" data-wp-interactive=\"core\/accordion\" role=\"group\" class=\"wp-block-accordion is-layout-flow wp-block-accordion-is-layout-flow\">\n<div data-wp-class--is-open=\"state.isOpen\" data-wp-context=\"{ &quot;id&quot;: &quot;accordion-item-4&quot;, &quot;openByDefault&quot;: false }\" data-wp-init=\"callbacks.initAccordionItems\" data-wp-on-window--hashchange=\"callbacks.hashChange\" class=\"wp-block-accordion-item is-layout-flow wp-block-accordion-item-is-layout-flow\">\n<h3 class=\"wp-block-accordion-heading\"><button aria-expanded=\"false\" aria-controls=\"accordion-item-4-panel\" data-wp-bind--aria-expanded=\"state.isOpen\" data-wp-on--click=\"actions.toggle\" id=\"accordion-item-4\" type=\"button\" class=\"wp-block-accordion-heading__toggle\"><span class=\"wp-block-accordion-heading__toggle-title\"><strong>V\u00fdskumn\u00e1 a projektov\u00e1 \u010dinnos\u0165<\/strong><\/span><span class=\"wp-block-accordion-heading__toggle-icon\" aria-hidden=\"true\">+<\/span><\/button><\/h3>\n\n\n\n<div aria-labelledby=\"accordion-item-4\" data-wp-bind--hidden=\"state.isHidden\" data-wp-on--beforematch=\"actions.handleBeforeMatch\" id=\"accordion-item-4-panel\" role=\"region\" class=\"wp-block-accordion-panel is-layout-flow wp-block-accordion-panel-is-layout-flow\">\n<p class=\"wp-block-paragraph\">Ako hlavn\u00fd rie\u0161ite\u013e vediem projekt zameran\u00fd na aplik\u00e1ciu princ\u00edpov cirkul\u00e1rnej ekonomiky pri tvorbe cirkul\u00e1rnych podnikov\u00fdch modelov vo v\u00fdrobn\u00fdch aj nev\u00fdrobn\u00fdch sektoroch v podmienkach Slovenska (APVV, financovanie 199 480 EUR). \u010ealej som bol hlavn\u00fdm rie\u0161ite\u013eom projektu zameran\u00e9ho na v\u00fdskum eko-inova\u010dn\u00e9ho potenci\u00e1lu mal\u00fdch a stredn\u00fdch podnikov v kontexte trvalo udr\u017eate\u013en\u00e9ho rozvoja (VEGA, financovanie 34 500 EUR).<\/p>\n\n\n\n<p class=\"wp-block-paragraph\">Ako spolurie\u0161ite\u013e som sa podie\u013eal, okrem in\u00e9ho, na projektoch zameran\u00fdch na tvorbu viacrozmern\u00fdch modelov hodnotenia pripravenosti firiem na umel\u00fa inteligenciu a adopciu AI technol\u00f3gi\u00ed (APVV), na kvantifik\u00e1ciu socioekonomick\u00fdch ukazovate\u013eov v oblasti zdravotnej a soci\u00e1lnej politiky marginalizovan\u00fdch komun\u00edt, na v\u00fdskum determinantov \u013eudsk\u00e9ho kapit\u00e1lu a ekonomick\u00e9ho rastu v podmienkach digit\u00e1lnej ekonomiky a na anal\u00fdzu multiplika\u010dn\u00fdch efektov kvality \u013eudsk\u00e9ho kapit\u00e1lu na ekonomick\u00fd v\u00fdkon a konkurencieschopnos\u0165 Slovenskej republiky (APVV).<\/p>\n\n\n\n<p class=\"wp-block-paragraph\">Popri z\u00e1kladnom v\u00fdskume som svoje v\u00fdskumn\u00e9 sk\u00fasenosti rozv\u00edjal aj v oblasti aplikovan\u00e9ho a zmluvn\u00e9ho v\u00fdskumu. P\u00f4sobil som ako rie\u0161ite\u013e projektov podporovan\u00fdch Technologickou agent\u00farou \u010ceskej republiky (program SIGMA DC3) a projektov realizovan\u00fdch v r\u00e1mci Opera\u010dn\u00e9ho programu Technol\u00f3gie a aplik\u00e1cie pre konkurencieschopnos\u0165. Z\u00e1rove\u0148 som sa podie\u013eal na projektoch financovan\u00fdch z Opera\u010dn\u00e9ho programu Slovensko (EFRR\/KF\/FST\/ESF+) a na projektoch Kult\u00farnej a eduka\u010dnej grantovej agent\u00fary (KEGA).<\/p>\n\n\n\n<p class=\"wp-block-paragraph\">V neposlednom rade som sa akt\u00edvne zap\u00e1jal aj do medzin\u00e1rodnej v\u00fdskumnej spolupr\u00e1ce, najm\u00e4 v r\u00e1mci projektov programov Interreg, European Social Fund Plus (ESF+), Eur\u00f3pskeho soci\u00e1lneho fondu (ESF) a Medzin\u00e1rodn\u00e9ho vy\u0161ehradsk\u00e9ho fondu (V4).<\/p>\n<\/div>\n<\/div>\n<\/div>\n\n\n\n<div data-wp-context=\"{ &quot;autoclose&quot;: false, &quot;accordionItems&quot;: [] }\" data-wp-interactive=\"core\/accordion\" role=\"group\" class=\"wp-block-accordion is-layout-flow wp-block-accordion-is-layout-flow\">\n<div data-wp-class--is-open=\"state.isOpen\" data-wp-context=\"{ &quot;id&quot;: &quot;accordion-item-5&quot;, &quot;openByDefault&quot;: false }\" data-wp-init=\"callbacks.initAccordionItems\" data-wp-on-window--hashchange=\"callbacks.hashChange\" class=\"wp-block-accordion-item is-layout-flow wp-block-accordion-item-is-layout-flow\">\n<h3 class=\"wp-block-accordion-heading\"><button aria-expanded=\"false\" aria-controls=\"accordion-item-5-panel\" data-wp-bind--aria-expanded=\"state.isOpen\" data-wp-on--click=\"actions.toggle\" id=\"accordion-item-5\" type=\"button\" class=\"wp-block-accordion-heading__toggle\"><span class=\"wp-block-accordion-heading__toggle-title\"><strong>Publika\u010dn\u00e1, editorsk\u00e1 a recenzn\u00e1 \u010dinnos\u0165&nbsp;<\/strong><\/span><span class=\"wp-block-accordion-heading__toggle-icon\" aria-hidden=\"true\">+<\/span><\/button><\/h3>\n\n\n\n<div aria-labelledby=\"accordion-item-5\" data-wp-bind--hidden=\"state.isHidden\" data-wp-on--beforematch=\"actions.handleBeforeMatch\" id=\"accordion-item-5-panel\" role=\"region\" class=\"wp-block-accordion-panel is-layout-flow wp-block-accordion-panel-is-layout-flow\">\n<p class=\"wp-block-paragraph\">Som autorom a spoluautorom desiatok vedeck\u00fdch a odborn\u00fdch publik\u00e1ci\u00ed, ktor\u00e9 reflektuj\u00fa v\u00fdsledky mojej v\u00fdskumnej \u010dinnosti. V\u00fdznamn\u00e1 \u010das\u0165 publika\u010dn\u00fdch v\u00fdstupov je evidovan\u00e1 v datab\u00e1zach Web of Science a Scopus a publikovan\u00e1 v renomovan\u00fdch zahrani\u010dn\u00fdch recenzovan\u00fdch \u010dasopisoch.<\/p>\n\n\n\n<p class=\"wp-block-paragraph\">Aktu\u00e1lny preh\u013ead mojej publika\u010dnej \u010dinnosti je dostupn\u00fd prostredn\u00edctvom identifik\u00e1torov Web of Science Researcher ID: E-1043-2013, Scopus ID: 57195902658, ORCID: 0000-0002-5748-5702 a Google Scholar.<\/p>\n\n\n\n<p class=\"wp-block-paragraph\">Popri publika\u010dnej \u010dinnosti sa akt\u00edvne venujem recenznej a editorskej pr\u00e1ci pre dom\u00e1ce aj zahrani\u010dn\u00e9 vedeck\u00e9 \u010dasopisy. Ako \u010dlen edi\u010dn\u00fdch r\u00e1d p\u00f4sob\u00edm v \u010dasopisoch Journal of Innovation &amp; Knowledge, Journal of Tourism and Services a Marketing and Management of Innovations a pravidelne posudzujem rukopisy pre viacer\u00e9 renomovan\u00e9 medzin\u00e1rodn\u00e9 vedeck\u00e9 \u010dasopisy.<\/p>\n<\/div>\n<\/div>\n<\/div>\n\n\n\n<div data-wp-context=\"{ &quot;autoclose&quot;: false, &quot;accordionItems&quot;: [] }\" data-wp-interactive=\"core\/accordion\" role=\"group\" class=\"wp-block-accordion is-layout-flow wp-block-accordion-is-layout-flow\">\n<div data-wp-class--is-open=\"state.isOpen\" data-wp-context=\"{ &quot;id&quot;: &quot;accordion-item-6&quot;, &quot;openByDefault&quot;: false }\" data-wp-init=\"callbacks.initAccordionItems\" data-wp-on-window--hashchange=\"callbacks.hashChange\" class=\"wp-block-accordion-item is-layout-flow wp-block-accordion-item-is-layout-flow\">\n<h3 class=\"wp-block-accordion-heading\"><button aria-expanded=\"false\" aria-controls=\"accordion-item-6-panel\" data-wp-bind--aria-expanded=\"state.isOpen\" data-wp-on--click=\"actions.toggle\" id=\"accordion-item-6\" type=\"button\" class=\"wp-block-accordion-heading__toggle\"><span class=\"wp-block-accordion-heading__toggle-title\"><strong>Mana\u017e\u00e9rske sk\u00fasenosti v akademickom prostred\u00ed<\/strong><\/span><span class=\"wp-block-accordion-heading__toggle-icon\" aria-hidden=\"true\">+<\/span><\/button><\/h3>\n\n\n\n<div aria-labelledby=\"accordion-item-6\" data-wp-bind--hidden=\"state.isHidden\" data-wp-on--beforematch=\"actions.handleBeforeMatch\" id=\"accordion-item-6-panel\" role=\"region\" class=\"wp-block-accordion-panel is-layout-flow wp-block-accordion-panel-is-layout-flow\">\n<p class=\"wp-block-paragraph\">Popri pedagogickej a v\u00fdskumnej \u010dinnosti m\u00e1m aj rozsiahle mana\u017e\u00e9rske sk\u00fasenosti v akademickom prostred\u00ed. Dlhodobo sa podie\u013eam na strategickom riaden\u00ed vysok\u00fdch \u0161k\u00f4l a fak\u00falt, na formovan\u00ed ich v\u00fdskumnej politiky, rozvoji \u013eudsk\u00fdch zdrojov a posil\u0148ovan\u00ed medzin\u00e1rodnej spolupr\u00e1ce. P\u00f4sobil som vo viacer\u00fdch ved\u00facich akademick\u00fdch funkci\u00e1ch na \u00farovni fakulty aj univerzity, so zameran\u00edm na rozvoj vedecko-v\u00fdskumnej \u010dinnosti, kvalitu vzdel\u00e1vania a efekt\u00edvne riadenie akademick\u00fdch procesov.<\/p>\n<\/div>\n<\/div>\n<\/div>\n\n\n\n<div data-wp-context=\"{ &quot;autoclose&quot;: false, &quot;accordionItems&quot;: [] }\" data-wp-interactive=\"core\/accordion\" role=\"group\" class=\"wp-block-accordion is-layout-flow wp-block-accordion-is-layout-flow\">\n<div data-wp-class--is-open=\"state.isOpen\" data-wp-context=\"{ &quot;id&quot;: &quot;accordion-item-7&quot;, &quot;openByDefault&quot;: false }\" data-wp-init=\"callbacks.initAccordionItems\" data-wp-on-window--hashchange=\"callbacks.hashChange\" class=\"wp-block-accordion-item is-layout-flow wp-block-accordion-item-is-layout-flow\">\n<h3 class=\"wp-block-accordion-heading\"><button aria-expanded=\"false\" aria-controls=\"accordion-item-7-panel\" data-wp-bind--aria-expanded=\"state.isOpen\" data-wp-on--click=\"actions.toggle\" id=\"accordion-item-7\" type=\"button\" class=\"wp-block-accordion-heading__toggle\"><span class=\"wp-block-accordion-heading__toggle-title\"><strong>\u010clenstvo vo v\u00fdznamn\u00fdch odborn\u00fdch a vedeck\u00fdch in\u0161tit\u00faci\u00e1ch&nbsp;<\/strong><\/span><span class=\"wp-block-accordion-heading__toggle-icon\" aria-hidden=\"true\">+<\/span><\/button><\/h3>\n\n\n\n<div aria-labelledby=\"accordion-item-7\" data-wp-bind--hidden=\"state.isHidden\" data-wp-on--beforematch=\"actions.handleBeforeMatch\" id=\"accordion-item-7-panel\" role=\"region\" class=\"wp-block-accordion-panel is-layout-flow wp-block-accordion-panel-is-layout-flow\">\n<p class=\"wp-block-paragraph\">Od roku 2025 som \u010dlenom Rady pre spolo\u010densk\u00e9 vedy Agent\u00fary na podporu v\u00fdskumu a v\u00fdvoja (APVV), kde sa podie\u013eam na hodnoten\u00ed v\u00fdskumn\u00fdch projektov a na smerovan\u00ed n\u00e1rodnej v\u00fdskumnej politiky v oblasti spolo\u010densk\u00fdch vied. Z\u00e1rove\u0148 p\u00f4sob\u00edm vo vedeck\u00fdch rad\u00e1ch vysok\u00fdch \u0161k\u00f4l, konkr\u00e9tne na Paneuropean University Czech Republic, Tren\u010dianskej univerzite Alexandra Dub\u010deka v Tren\u010d\u00edne a na Fakulte soci\u00e1lno-ekonomick\u00fdch vz\u0165ahov Tren\u010dianskej univerzity Alexandra Dub\u010deka v Tren\u010d\u00edne a na Fakulte mana\u017ementu, ekonomiky a obchodu Pre\u0161ovskej univerzity v Pre\u0161ove.<\/p>\n\n\n\n<p class=\"wp-block-paragraph\">Popri p\u00f4soben\u00ed vo vedeck\u00fdch rad\u00e1ch sa zap\u00e1jam aj do \u010dinnosti spr\u00e1vnych a poradn\u00fdch org\u00e1nov, ktor\u00e9 sa podie\u013eaj\u00fa na strategickom rozvoji vzdel\u00e1vac\u00edch a v\u00fdskumn\u00fdch in\u0161tit\u00faci\u00ed.<\/p>\n<\/div>\n<\/div>\n<\/div>\n","protected":false},"excerpt":{"rendered":"<p>Rozvoj doktorandov a mlad\u00fdch v\u00fdskumn\u00edkov Dlhodobo sa systematicky venujem rozvoju doktorandov a mlad\u00fdch v\u00fdskumn\u00edkov v odbore ekon\u00f3mia a mana\u017ement. Zameriavam sa na budovanie pevn\u00e9ho v\u00fdskumn\u00e9ho z\u00e1kladu, tvorbu efekt\u00edvnej publika\u010dnej strat\u00e9gie a d\u00f4sledn\u00e9 dodr\u017eiavanie princ\u00edpov akademickej integrity. Podporujem rozvoj v\u00fdskumn\u00fdch kompetenci\u00ed, schopnosti kritick\u00e9ho myslenia a akt\u00edvne zap\u00e1janie sa do medzin\u00e1rodnej akademickej spolupr\u00e1ce s cie\u013eom pripravi\u0165 samostatn\u00fdch,&#8230;<\/p>\n","protected":false},"author":1,"featured_media":0,"parent":0,"menu_order":0,"comment_status":"closed","ping_status":"closed","template":"","meta":{"_kad_post_transparent":"","_kad_post_title":"","_kad_post_layout":"","_kad_post_sidebar_id":"","_kad_post_content_style":"","_kad_post_vertical_padding":"","_kad_post_feature":"","_kad_post_feature_position":"","_kad_post_header":false,"_kad_post_footer":false,"_kad_post_classname":"","footnotes":""},"class_list":["post-1143","page","type-page","status-publish","hentry"],"yoast_head":"<!-- This site is optimized with the Yoast SEO plugin v27.7 - https:\/\/yoast.com\/product\/yoast-seo-wordpress\/ -->\n<title>\u017divotopis - prof. PhDr. Zolt\u00e1n R\u00f3zsa, PhD.<\/title>\n<meta name=\"description\" content=\"Profesor mana\u017ementu | Rozvoj doktorandov, mlad\u00fdch v\u00fdskumn\u00edkov, l\u00eddrov a mana\u017e\u00e9rov | Evidence-based leadership\" \/>\n<meta name=\"robots\" content=\"noindex, follow, max-snippet:-1, max-image-preview:large, max-video-preview:-1\" \/>\n<meta property=\"og:locale\" content=\"sk_SK\" \/>\n<meta property=\"og:type\" content=\"article\" \/>\n<meta property=\"og:title\" content=\"\u017divotopis - prof. PhDr. Zolt\u00e1n R\u00f3zsa, PhD.\" \/>\n<meta property=\"og:description\" content=\"Profesor mana\u017ementu | Rozvoj doktorandov, mlad\u00fdch v\u00fdskumn\u00edkov, l\u00eddrov a mana\u017e\u00e9rov | Evidence-based leadership\" \/>\n<meta property=\"og:url\" content=\"https:\/\/rozsa.cz\/sk\/zivotopis\/\" \/>\n<meta property=\"og:site_name\" content=\"prof. PhDr. Zolt\u00e1n R\u00f3zsa, PhD.\" \/>\n<meta property=\"article:modified_time\" content=\"2026-02-06T17:51:59+00:00\" \/>\n<meta name=\"twitter:card\" content=\"summary_large_image\" \/>\n<meta name=\"twitter:label1\" content=\"Predpokladan\u00fd \u010das \u010d\u00edtania\" \/>\n\t<meta name=\"twitter:data1\" content=\"7 min\u00fat\" \/>\n<script type=\"application\/ld+json\" class=\"yoast-schema-graph\">{\"@context\":\"https:\\\/\\\/schema.org\",\"@graph\":[{\"@type\":\"WebPage\",\"@id\":\"https:\\\/\\\/rozsa.cz\\\/sk\\\/zivotopis\\\/\",\"url\":\"https:\\\/\\\/rozsa.cz\\\/sk\\\/zivotopis\\\/\",\"name\":\"\u017divotopis - prof. PhDr. Zolt\u00e1n R\u00f3zsa, PhD.\",\"isPartOf\":{\"@id\":\"https:\\\/\\\/rozsa.cz\\\/sk\\\/#website\"},\"datePublished\":\"2026-02-01T10:16:28+00:00\",\"dateModified\":\"2026-02-06T17:51:59+00:00\",\"description\":\"Profesor mana\u017ementu | Rozvoj doktorandov, mlad\u00fdch v\u00fdskumn\u00edkov, l\u00eddrov a mana\u017e\u00e9rov | Evidence-based leadership\",\"breadcrumb\":{\"@id\":\"https:\\\/\\\/rozsa.cz\\\/sk\\\/zivotopis\\\/#breadcrumb\"},\"inLanguage\":\"sk-SK\",\"potentialAction\":[{\"@type\":\"ReadAction\",\"target\":[\"https:\\\/\\\/rozsa.cz\\\/sk\\\/zivotopis\\\/\"]}]},{\"@type\":\"BreadcrumbList\",\"@id\":\"https:\\\/\\\/rozsa.cz\\\/sk\\\/zivotopis\\\/#breadcrumb\",\"itemListElement\":[{\"@type\":\"ListItem\",\"position\":1,\"name\":\"Dom\u016f\",\"item\":\"https:\\\/\\\/rozsa.cz\\\/sk\\\/\"},{\"@type\":\"ListItem\",\"position\":2,\"name\":\"\u017divotopis\"}]},{\"@type\":\"WebSite\",\"@id\":\"https:\\\/\\\/rozsa.cz\\\/sk\\\/#website\",\"url\":\"https:\\\/\\\/rozsa.cz\\\/sk\\\/\",\"name\":\"prof. PhDr. Zolt\u00e1n R\u00f3zsa, PhD.\",\"description\":\"\",\"publisher\":{\"@id\":\"https:\\\/\\\/rozsa.cz\\\/sk\\\/#organization\"},\"potentialAction\":[{\"@type\":\"SearchAction\",\"target\":{\"@type\":\"EntryPoint\",\"urlTemplate\":\"https:\\\/\\\/rozsa.cz\\\/sk\\\/?s={search_term_string}\"},\"query-input\":{\"@type\":\"PropertyValueSpecification\",\"valueRequired\":true,\"valueName\":\"search_term_string\"}}],\"inLanguage\":\"sk-SK\"},{\"@type\":\"Organization\",\"@id\":\"https:\\\/\\\/rozsa.cz\\\/sk\\\/#organization\",\"name\":\"prof. PhDr. Zolt\u00e1n R\u00f3zsa, PhD.\",\"url\":\"https:\\\/\\\/rozsa.cz\\\/sk\\\/\",\"logo\":{\"@type\":\"ImageObject\",\"inLanguage\":\"sk-SK\",\"@id\":\"https:\\\/\\\/rozsa.cz\\\/sk\\\/#\\\/schema\\\/logo\\\/image\\\/\",\"url\":\"https:\\\/\\\/rozsa.cz\\\/wp-content\\\/uploads\\\/2026\\\/02\\\/Asset-1.png\",\"contentUrl\":\"https:\\\/\\\/rozsa.cz\\\/wp-content\\\/uploads\\\/2026\\\/02\\\/Asset-1.png\",\"width\":234,\"height\":69,\"caption\":\"prof. PhDr. Zolt\u00e1n R\u00f3zsa, PhD.\"},\"image\":{\"@id\":\"https:\\\/\\\/rozsa.cz\\\/sk\\\/#\\\/schema\\\/logo\\\/image\\\/\"}}]}<\/script>\n<!-- \/ Yoast SEO plugin. -->","yoast_head_json":{"title":"\u017divotopis - prof. PhDr. Zolt\u00e1n R\u00f3zsa, PhD.","description":"Profesor mana\u017ementu | Rozvoj doktorandov, mlad\u00fdch v\u00fdskumn\u00edkov, l\u00eddrov a mana\u017e\u00e9rov | Evidence-based leadership","robots":{"index":"noindex","follow":"follow","max-snippet":"max-snippet:-1","max-image-preview":"max-image-preview:large","max-video-preview":"max-video-preview:-1"},"og_locale":"sk_SK","og_type":"article","og_title":"\u017divotopis - prof. PhDr. Zolt\u00e1n R\u00f3zsa, PhD.","og_description":"Profesor mana\u017ementu | Rozvoj doktorandov, mlad\u00fdch v\u00fdskumn\u00edkov, l\u00eddrov a mana\u017e\u00e9rov | Evidence-based leadership","og_url":"https:\/\/rozsa.cz\/sk\/zivotopis\/","og_site_name":"prof. PhDr. Zolt\u00e1n R\u00f3zsa, PhD.","article_modified_time":"2026-02-06T17:51:59+00:00","twitter_card":"summary_large_image","twitter_misc":{"Predpokladan\u00fd \u010das \u010d\u00edtania":"7 min\u00fat"},"schema":{"@context":"https:\/\/schema.org","@graph":[{"@type":"WebPage","@id":"https:\/\/rozsa.cz\/sk\/zivotopis\/","url":"https:\/\/rozsa.cz\/sk\/zivotopis\/","name":"\u017divotopis - prof. PhDr. Zolt\u00e1n R\u00f3zsa, PhD.","isPartOf":{"@id":"https:\/\/rozsa.cz\/sk\/#website"},"datePublished":"2026-02-01T10:16:28+00:00","dateModified":"2026-02-06T17:51:59+00:00","description":"Profesor mana\u017ementu | Rozvoj doktorandov, mlad\u00fdch v\u00fdskumn\u00edkov, l\u00eddrov a mana\u017e\u00e9rov | Evidence-based leadership","breadcrumb":{"@id":"https:\/\/rozsa.cz\/sk\/zivotopis\/#breadcrumb"},"inLanguage":"sk-SK","potentialAction":[{"@type":"ReadAction","target":["https:\/\/rozsa.cz\/sk\/zivotopis\/"]}]},{"@type":"BreadcrumbList","@id":"https:\/\/rozsa.cz\/sk\/zivotopis\/#breadcrumb","itemListElement":[{"@type":"ListItem","position":1,"name":"Dom\u016f","item":"https:\/\/rozsa.cz\/sk\/"},{"@type":"ListItem","position":2,"name":"\u017divotopis"}]},{"@type":"WebSite","@id":"https:\/\/rozsa.cz\/sk\/#website","url":"https:\/\/rozsa.cz\/sk\/","name":"prof. PhDr. Zolt\u00e1n R\u00f3zsa, PhD.","description":"","publisher":{"@id":"https:\/\/rozsa.cz\/sk\/#organization"},"potentialAction":[{"@type":"SearchAction","target":{"@type":"EntryPoint","urlTemplate":"https:\/\/rozsa.cz\/sk\/?s={search_term_string}"},"query-input":{"@type":"PropertyValueSpecification","valueRequired":true,"valueName":"search_term_string"}}],"inLanguage":"sk-SK"},{"@type":"Organization","@id":"https:\/\/rozsa.cz\/sk\/#organization","name":"prof. PhDr. Zolt\u00e1n R\u00f3zsa, PhD.","url":"https:\/\/rozsa.cz\/sk\/","logo":{"@type":"ImageObject","inLanguage":"sk-SK","@id":"https:\/\/rozsa.cz\/sk\/#\/schema\/logo\/image\/","url":"https:\/\/rozsa.cz\/wp-content\/uploads\/2026\/02\/Asset-1.png","contentUrl":"https:\/\/rozsa.cz\/wp-content\/uploads\/2026\/02\/Asset-1.png","width":234,"height":69,"caption":"prof. PhDr. Zolt\u00e1n R\u00f3zsa, PhD."},"image":{"@id":"https:\/\/rozsa.cz\/sk\/#\/schema\/logo\/image\/"}}]}},"_links":{"self":[{"href":"https:\/\/rozsa.cz\/sk\/wp-json\/wp\/v2\/pages\/1143","targetHints":{"allow":["GET"]}}],"collection":[{"href":"https:\/\/rozsa.cz\/sk\/wp-json\/wp\/v2\/pages"}],"about":[{"href":"https:\/\/rozsa.cz\/sk\/wp-json\/wp\/v2\/types\/page"}],"author":[{"embeddable":true,"href":"https:\/\/rozsa.cz\/sk\/wp-json\/wp\/v2\/users\/1"}],"replies":[{"embeddable":true,"href":"https:\/\/rozsa.cz\/sk\/wp-json\/wp\/v2\/comments?post=1143"}],"version-history":[{"count":6,"href":"https:\/\/rozsa.cz\/sk\/wp-json\/wp\/v2\/pages\/1143\/revisions"}],"predecessor-version":[{"id":1164,"href":"https:\/\/rozsa.cz\/sk\/wp-json\/wp\/v2\/pages\/1143\/revisions\/1164"}],"wp:attachment":[{"href":"https:\/\/rozsa.cz\/sk\/wp-json\/wp\/v2\/media?parent=1143"}],"curies":[{"name":"wp","href":"https:\/\/api.w.org\/{rel}","templated":true}]}}